{"id":80,"date":"2025-02-01T06:46:32","date_gmt":"2025-02-01T06:46:32","guid":{"rendered":"https:\/\/kleingarten-bdf.at\/?page_id=80"},"modified":"2025-02-06T07:40:09","modified_gmt":"2025-02-06T07:40:09","slug":"vereinssatzung","status":"publish","type":"page","link":"https:\/\/kleingarten-bdf.at\/index.php\/vereinssatzung\/","title":{"rendered":"Vereinssatzung"},"content":{"rendered":"\n<p>Statuten 2025<\/p>\n\n\n\n<div class=\"wp-block-esab-accordion esab-wixhqkoc\" data-mode=\"global\"><div class=\"esab__container\">\n<div class=\"wp-block-esab-accordion-child\"><div class=\"esab__head\" role=\"button\" aria-expanded=\"false\"><div class=\"esab__heading_txt\"><p class=\"esab__heading_tag\"><strong>\u00a7 1. Name, Sitz und T\u00e4tigkeitsbereich<\/strong><\/p><\/div><div class=\"esab__icon\"><div class=\"esab__collapse\"><svg version=\"1.2\" viewBox=\"0 0 24 24\" width=\"24\" height=\"24\"><path fill-rule=\"evenodd\" d=\"m3.5 20.5c-4.7-4.7-4.7-12.3 0-17 4.7-4.7 12.3-4.7 17 0 4.6 4.7 4.6 12.3 0 17-4.7 4.6-12.3 4.6-17 0zm0.9-0.9c4.2 4.2 11 4.2 15.2 0 4.2-4.2 4.2-11 0-15.2-4.2-4.3-11-4.3-15.2 0-4.3 4.2-4.3 11 0 15.2z\"><\/path><path d=\"m11.4 15.9v-3.3h-3.3c-0.3 0-0.6-0.3-0.6-0.6 0-0.4 0.3-0.6 0.6-0.6h3.3v-3.3c0-0.3 0.3-0.6 0.6-0.6 0.3 0 0.6 0.3 0.6 0.6v3.3h3.3c0.3 0 0.6 0.2 0.6 0.6q0 0.2-0.2 0.4-0.2 0.2-0.4 0.2h-3.3v3.3q0 0.2-0.2 0.4-0.2 0.2-0.4 0.2c-0.4 0-0.6-0.3-0.6-0.6z\"><\/path><\/svg><\/div><div class=\"esab__expand\"><svg version=\"1.2\" viewBox=\"0 0 24 24\" width=\"24\" height=\"24\"><path fill-rule=\"evenodd\" d=\"m12 24c-6.6 0-12-5.4-12-12 0-6.6 5.4-12 12-12 6.6 0 12 5.4 12 12 0 6.6-5.4 12-12 12zm10.6-12c0-5.9-4.7-10.6-10.6-10.6-5.9 0-10.6 4.7-10.6 10.6 0 5.9 4.7 10.6 10.6 10.6 5.9 0 10.6-4.7 10.6-10.6z\"><\/path><path d=\"m5.6 11.3h12.8v1.4h-12.8z\"><\/path><\/svg><\/div><\/div><\/div><div class=\"esab__body\">\n<ol class=\"wp-block-list\">\n<li>Der Verein f\u00fchrt den Namen \u201eKleingartenverein Biedermannsdorf\u201c.<\/li>\n\n\n\n<li>Er hat seinen Sitz in 2362 Biedermannsdorf, Parkstrasse 9\/20 und erstreckt seineT\u00e4tigkeit auf das Gemeindegebiet Biedermannsdorf.<\/li>\n\n\n\n<li>Die Errichtung von Zweigvereinen ist nicht beabsichtigt.<\/li>\n<\/ol>\n<\/div><\/div>\n\n\n\n<div class=\"wp-block-esab-accordion-child\"><div class=\"esab__head\" role=\"button\" aria-expanded=\"false\"><div class=\"esab__heading_txt\"><p class=\"esab__heading_tag\"><strong>\u00a7 2.\u00a0 Zweck<\/strong><\/p><\/div><div class=\"esab__icon\"><div class=\"esab__collapse\"><svg version=\"1.2\" viewBox=\"0 0 24 24\" width=\"24\" height=\"24\"><path fill-rule=\"evenodd\" d=\"m3.5 20.5c-4.7-4.7-4.7-12.3 0-17 4.7-4.7 12.3-4.7 17 0 4.6 4.7 4.6 12.3 0 17-4.7 4.6-12.3 4.6-17 0zm0.9-0.9c4.2 4.2 11 4.2 15.2 0 4.2-4.2 4.2-11 0-15.2-4.2-4.3-11-4.3-15.2 0-4.3 4.2-4.3 11 0 15.2z\"><\/path><path d=\"m11.4 15.9v-3.3h-3.3c-0.3 0-0.6-0.3-0.6-0.6 0-0.4 0.3-0.6 0.6-0.6h3.3v-3.3c0-0.3 0.3-0.6 0.6-0.6 0.3 0 0.6 0.3 0.6 0.6v3.3h3.3c0.3 0 0.6 0.2 0.6 0.6q0 0.2-0.2 0.4-0.2 0.2-0.4 0.2h-3.3v3.3q0 0.2-0.2 0.4-0.2 0.2-0.4 0.2c-0.4 0-0.6-0.3-0.6-0.6z\"><\/path><\/svg><\/div><div class=\"esab__expand\"><svg version=\"1.2\" viewBox=\"0 0 24 24\" width=\"24\" height=\"24\"><path fill-rule=\"evenodd\" d=\"m12 24c-6.6 0-12-5.4-12-12 0-6.6 5.4-12 12-12 6.6 0 12 5.4 12 12 0 6.6-5.4 12-12 12zm10.6-12c0-5.9-4.7-10.6-10.6-10.6-5.9 0-10.6 4.7-10.6 10.6 0 5.9 4.7 10.6 10.6 10.6 5.9 0 10.6-4.7 10.6-10.6z\"><\/path><path d=\"m5.6 11.3h12.8v1.4h-12.8z\"><\/path><\/svg><\/div><\/div><\/div><div class=\"esab__body\">\n<p>Der Verein, dessen T\u00e4tigkeit nicht auf Gewinn gerichtet ist, bezweckt die F\u00f6rderung und Unterst\u00fctzung der Nutzung von Gartenfl\u00e4chen zur Erholung und Freizeitgestaltung.<\/p>\n<\/div><\/div>\n\n\n\n<div class=\"wp-block-esab-accordion-child\"><div class=\"esab__head\" role=\"button\" aria-expanded=\"false\"><div class=\"esab__heading_txt\"><p class=\"esab__heading_tag\"><strong>\u00a7 3.\u00a0 T\u00e4tigkeit zur Verwirklichung des Vereinszweckes<\/strong><\/p><\/div><div class=\"esab__icon\"><div class=\"esab__collapse\"><svg version=\"1.2\" viewBox=\"0 0 24 24\" width=\"24\" height=\"24\"><path fill-rule=\"evenodd\" d=\"m3.5 20.5c-4.7-4.7-4.7-12.3 0-17 4.7-4.7 12.3-4.7 17 0 4.6 4.7 4.6 12.3 0 17-4.7 4.6-12.3 4.6-17 0zm0.9-0.9c4.2 4.2 11 4.2 15.2 0 4.2-4.2 4.2-11 0-15.2-4.2-4.3-11-4.3-15.2 0-4.3 4.2-4.3 11 0 15.2z\"><\/path><path d=\"m11.4 15.9v-3.3h-3.3c-0.3 0-0.6-0.3-0.6-0.6 0-0.4 0.3-0.6 0.6-0.6h3.3v-3.3c0-0.3 0.3-0.6 0.6-0.6 0.3 0 0.6 0.3 0.6 0.6v3.3h3.3c0.3 0 0.6 0.2 0.6 0.6q0 0.2-0.2 0.4-0.2 0.2-0.4 0.2h-3.3v3.3q0 0.2-0.2 0.4-0.2 0.2-0.4 0.2c-0.4 0-0.6-0.3-0.6-0.6z\"><\/path><\/svg><\/div><div class=\"esab__expand\"><svg version=\"1.2\" viewBox=\"0 0 24 24\" width=\"24\" height=\"24\"><path fill-rule=\"evenodd\" d=\"m12 24c-6.6 0-12-5.4-12-12 0-6.6 5.4-12 12-12 6.6 0 12 5.4 12 12 0 6.6-5.4 12-12 12zm10.6-12c0-5.9-4.7-10.6-10.6-10.6-5.9 0-10.6 4.7-10.6 10.6 0 5.9 4.7 10.6 10.6 10.6 5.9 0 10.6-4.7 10.6-10.6z\"><\/path><path d=\"m5.6 11.3h12.8v1.4h-12.8z\"><\/path><\/svg><\/div><\/div><\/div><div class=\"esab__body\">\n<ol class=\"wp-block-list\">\n<li>Der Vereinszweck soll durch die in den Abs. 2 und 3 angef\u00fchrten T\u00e4tigkeiten verwirklicht werden.<\/li>\n\n\n\n<li>Als ideelle Mittel dienen Zusammenk\u00fcnfte der Mitglieder, Veranstaltungen und Versammlungen.<\/li>\n\n\n\n<li>Die erforderlichen materiellen Mittel sollen aufgebracht werden durch:\n<ul class=\"wp-block-list\">\n<li><span style=\"padding-left: 20px; display: inline-block;\">a) Beitrittsgeb\u00fchren<\/span><\/li>\n\n\n\n<li><span style=\"padding-left: 20px; display: inline-block;\">b) Mitgliedsbeitr\u00e4ge<\/span><\/li>\n\n\n\n<li><span style=\"padding-left: 20px; display: inline-block;\">c) Erhaltungskosten<\/span><\/li>\n\n\n\n<li><span style=\"padding-left: 20px; display: inline-block;\">d) Adventmarkt, Sommerfest, Spenden<\/span><\/li>\n<\/ul>\n<\/li>\n<\/ol>\n<\/div><\/div>\n\n\n\n<div class=\"wp-block-esab-accordion-child\"><div class=\"esab__head\" role=\"button\" aria-expanded=\"false\"><div class=\"esab__heading_txt\"><p class=\"esab__heading_tag\"><strong>\u00a7 4.\u00a0 Arten der Mitgliedschaft<\/strong><\/p><\/div><div class=\"esab__icon\"><div class=\"esab__collapse\"><svg version=\"1.2\" viewBox=\"0 0 24 24\" width=\"24\" height=\"24\"><path fill-rule=\"evenodd\" d=\"m3.5 20.5c-4.7-4.7-4.7-12.3 0-17 4.7-4.7 12.3-4.7 17 0 4.6 4.7 4.6 12.3 0 17-4.7 4.6-12.3 4.6-17 0zm0.9-0.9c4.2 4.2 11 4.2 15.2 0 4.2-4.2 4.2-11 0-15.2-4.2-4.3-11-4.3-15.2 0-4.3 4.2-4.3 11 0 15.2z\"><\/path><path d=\"m11.4 15.9v-3.3h-3.3c-0.3 0-0.6-0.3-0.6-0.6 0-0.4 0.3-0.6 0.6-0.6h3.3v-3.3c0-0.3 0.3-0.6 0.6-0.6 0.3 0 0.6 0.3 0.6 0.6v3.3h3.3c0.3 0 0.6 0.2 0.6 0.6q0 0.2-0.2 0.4-0.2 0.2-0.4 0.2h-3.3v3.3q0 0.2-0.2 0.4-0.2 0.2-0.4 0.2c-0.4 0-0.6-0.3-0.6-0.6z\"><\/path><\/svg><\/div><div class=\"esab__expand\"><svg version=\"1.2\" viewBox=\"0 0 24 24\" width=\"24\" height=\"24\"><path fill-rule=\"evenodd\" d=\"m12 24c-6.6 0-12-5.4-12-12 0-6.6 5.4-12 12-12 6.6 0 12 5.4 12 12 0 6.6-5.4 12-12 12zm10.6-12c0-5.9-4.7-10.6-10.6-10.6-5.9 0-10.6 4.7-10.6 10.6 0 5.9 4.7 10.6 10.6 10.6 5.9 0 10.6-4.7 10.6-10.6z\"><\/path><path d=\"m5.6 11.3h12.8v1.4h-12.8z\"><\/path><\/svg><\/div><\/div><\/div><div class=\"esab__body\">\n<ol class=\"wp-block-list\">\n<li>Die Mitglieder des Vereines gliedern sich in ordentliche, au\u00dferordentliche und Ehrenmitglieder.<\/li>\n\n\n\n<li>Ordentliche Mitglieder sind jene, die sich voll an der Vereinsarbeit beteiligen und P\u00e4chter eines Kleingartens sind. Au\u00dferordentliche Mitglieder sind solche, die die Vereinst\u00e4tigkeit vor allem durch Zahlung eines Mitgliedsbeitrages und\/oder Spenden f\u00f6rdern. Ehrenmitglieder sind Personen, die aufgrund besonderer Verdienste um den Verein ernannt werden, diese sind von der Verpflichtung zur Bezahlung eines Mitgliedsbeitrages befreit.<\/li>\n<\/ol>\n<\/div><\/div>\n\n\n\n<div class=\"wp-block-esab-accordion-child\"><div class=\"esab__head\" role=\"button\" aria-expanded=\"false\"><div class=\"esab__heading_txt\"><p class=\"esab__heading_tag\"><strong>\u00a7 5.\u00a0 Erwerb der Mitgliedschaft<\/strong><\/p><\/div><div class=\"esab__icon\"><div class=\"esab__collapse\"><svg version=\"1.2\" viewBox=\"0 0 24 24\" width=\"24\" height=\"24\"><path fill-rule=\"evenodd\" d=\"m3.5 20.5c-4.7-4.7-4.7-12.3 0-17 4.7-4.7 12.3-4.7 17 0 4.6 4.7 4.6 12.3 0 17-4.7 4.6-12.3 4.6-17 0zm0.9-0.9c4.2 4.2 11 4.2 15.2 0 4.2-4.2 4.2-11 0-15.2-4.2-4.3-11-4.3-15.2 0-4.3 4.2-4.3 11 0 15.2z\"><\/path><path d=\"m11.4 15.9v-3.3h-3.3c-0.3 0-0.6-0.3-0.6-0.6 0-0.4 0.3-0.6 0.6-0.6h3.3v-3.3c0-0.3 0.3-0.6 0.6-0.6 0.3 0 0.6 0.3 0.6 0.6v3.3h3.3c0.3 0 0.6 0.2 0.6 0.6q0 0.2-0.2 0.4-0.2 0.2-0.4 0.2h-3.3v3.3q0 0.2-0.2 0.4-0.2 0.2-0.4 0.2c-0.4 0-0.6-0.3-0.6-0.6z\"><\/path><\/svg><\/div><div class=\"esab__expand\"><svg version=\"1.2\" viewBox=\"0 0 24 24\" width=\"24\" height=\"24\"><path fill-rule=\"evenodd\" d=\"m12 24c-6.6 0-12-5.4-12-12 0-6.6 5.4-12 12-12 6.6 0 12 5.4 12 12 0 6.6-5.4 12-12 12zm10.6-12c0-5.9-4.7-10.6-10.6-10.6-5.9 0-10.6 4.7-10.6 10.6 0 5.9 4.7 10.6 10.6 10.6 5.9 0 10.6-4.7 10.6-10.6z\"><\/path><path d=\"m5.6 11.3h12.8v1.4h-12.8z\"><\/path><\/svg><\/div><\/div><\/div><div class=\"esab__body\">\n<ol class=\"wp-block-list\">\n<li>Ordentliche Mitglieder des Vereines k\u00f6nnen alle physischen und juristischen Personen werden, die P\u00e4chter eines Kleingartens sind.<\/li>\n\n\n\n<li>Au\u00dferordentliche Mitglieder des Vereines k\u00f6nnen alle physischen Personen werden, die Interesse an Kleing\u00e4rten bekunden oder den Verein finanziell unterst\u00fctzen wollen, worauf deren Aufnahme im Vorstand beschlossen wird.<\/li>\n\n\n\n<li>\u00dcber die Aufnahme von ordentlichen und au\u00dferordentlichen Mitgliedern entscheidet der Vorstand endg\u00fcltig. Die Aufnahme kann ohne Angabe von Gr\u00fcnden verweigert werden.<\/li>\n\n\n\n<li>Die Ernennung zum Ehrenmitglied erfolgt auf Antrag des Vorstandes durch die Generalversammlung.<\/li>\n<\/ol>\n<\/div><\/div>\n\n\n\n<div class=\"wp-block-esab-accordion-child\"><div class=\"esab__head\" role=\"button\" aria-expanded=\"false\"><div class=\"esab__heading_txt\"><p class=\"esab__heading_tag\"><strong>\u00a7 6.\u00a0 Beendigung der Mitgliedschaft<\/strong><\/p><\/div><div class=\"esab__icon\"><div class=\"esab__collapse\"><svg version=\"1.2\" viewBox=\"0 0 24 24\" width=\"24\" height=\"24\"><path fill-rule=\"evenodd\" d=\"m3.5 20.5c-4.7-4.7-4.7-12.3 0-17 4.7-4.7 12.3-4.7 17 0 4.6 4.7 4.6 12.3 0 17-4.7 4.6-12.3 4.6-17 0zm0.9-0.9c4.2 4.2 11 4.2 15.2 0 4.2-4.2 4.2-11 0-15.2-4.2-4.3-11-4.3-15.2 0-4.3 4.2-4.3 11 0 15.2z\"><\/path><path d=\"m11.4 15.9v-3.3h-3.3c-0.3 0-0.6-0.3-0.6-0.6 0-0.4 0.3-0.6 0.6-0.6h3.3v-3.3c0-0.3 0.3-0.6 0.6-0.6 0.3 0 0.6 0.3 0.6 0.6v3.3h3.3c0.3 0 0.6 0.2 0.6 0.6q0 0.2-0.2 0.4-0.2 0.2-0.4 0.2h-3.3v3.3q0 0.2-0.2 0.4-0.2 0.2-0.4 0.2c-0.4 0-0.6-0.3-0.6-0.6z\"><\/path><\/svg><\/div><div class=\"esab__expand\"><svg version=\"1.2\" viewBox=\"0 0 24 24\" width=\"24\" height=\"24\"><path fill-rule=\"evenodd\" d=\"m12 24c-6.6 0-12-5.4-12-12 0-6.6 5.4-12 12-12 6.6 0 12 5.4 12 12 0 6.6-5.4 12-12 12zm10.6-12c0-5.9-4.7-10.6-10.6-10.6-5.9 0-10.6 4.7-10.6 10.6 0 5.9 4.7 10.6 10.6 10.6 5.9 0 10.6-4.7 10.6-10.6z\"><\/path><path d=\"m5.6 11.3h12.8v1.4h-12.8z\"><\/path><\/svg><\/div><\/div><\/div><div class=\"esab__body\">\n<ol class=\"wp-block-list\">\n<li>Die Mitgliedschaft erlischt durch Tod (bei juristischen Personen durch Verlust der Rechtspers\u00f6nlichkeit), durch freiwilligen Austritt, durch Streichung und durch Ausschluss.<\/li>\n\n\n\n<li>Der Austritt kann nur schriftlich, eingeschrieben an die Vereinsadresse erfolgen. Es ist dabei eine vierw\u00f6chige K\u00fcndigungsfrist einzuhalten. Es gilt das Datum der Postaufgabe per Einschreiben.<\/li>\n\n\n\n<li>S\u00e4mtliche Zahlungen zwischen dem austretenden P\u00e4chter und seinem Nachfolger sind einvernehmlich zu l\u00f6sen und werden in einem \u00dcbergabeprotokoll schriftlich festgehalten. Dieses ist von allen Beteiligten zu unterschreiben.<\/li>\n\n\n\n<li>Die Streichung eines Mitgliedes kann der Vorstand vornehmen, wenn dieses trotz einmaliger Mahnung l\u00e4nger als 1 Monat mit der Zahlung der Mitgliedsbeitr\u00e4ge und sonstiger Forderungen im R\u00fcckstand ist. Die Verpflichtung zur Zahlung der f\u00e4llig gewordenen Mitgliedsbeitr\u00e4ge bleibt hiervon unber\u00fchrt.<\/li>\n\n\n\n<li>Der Ausschluss eines Mitgliedes aus dem Verein kann vom Vorstand wegen grober Verletzung der Mitgliedspflichten und wegen unehrenhaften Verhaltens im und au\u00dferhalb des Vereins verf\u00fcgt werden.<\/li>\n\n\n\n<li>Gegen den Ausschluss ist binnen 2 Wochen nach Erhalt des Ausschlussbeschlusses die Berufung an die Generalversammlung zul\u00e4ssig, bis zu deren Entscheidung die Mitgliedsrechte ruhen.<\/li>\n\n\n\n<li>Die Aberkennung der Ehrenmitgliedschaft kann von der Generalversammlung \u00fcber Antrag des Vorstandes beschlossen werden.<\/li>\n<\/ol>\n<\/div><\/div>\n\n\n\n<div class=\"wp-block-esab-accordion-child\"><div class=\"esab__head\" role=\"button\" aria-expanded=\"false\"><div class=\"esab__heading_txt\"><p class=\"esab__heading_tag\"><strong>\u00a7 7.\u00a0 Rechte und Pflichten der Mitglieder<\/strong><\/p><\/div><div class=\"esab__icon\"><div class=\"esab__collapse\"><svg version=\"1.2\" viewBox=\"0 0 24 24\" width=\"24\" height=\"24\"><path fill-rule=\"evenodd\" d=\"m3.5 20.5c-4.7-4.7-4.7-12.3 0-17 4.7-4.7 12.3-4.7 17 0 4.6 4.7 4.6 12.3 0 17-4.7 4.6-12.3 4.6-17 0zm0.9-0.9c4.2 4.2 11 4.2 15.2 0 4.2-4.2 4.2-11 0-15.2-4.2-4.3-11-4.3-15.2 0-4.3 4.2-4.3 11 0 15.2z\"><\/path><path d=\"m11.4 15.9v-3.3h-3.3c-0.3 0-0.6-0.3-0.6-0.6 0-0.4 0.3-0.6 0.6-0.6h3.3v-3.3c0-0.3 0.3-0.6 0.6-0.6 0.3 0 0.6 0.3 0.6 0.6v3.3h3.3c0.3 0 0.6 0.2 0.6 0.6q0 0.2-0.2 0.4-0.2 0.2-0.4 0.2h-3.3v3.3q0 0.2-0.2 0.4-0.2 0.2-0.4 0.2c-0.4 0-0.6-0.3-0.6-0.6z\"><\/path><\/svg><\/div><div class=\"esab__expand\"><svg version=\"1.2\" viewBox=\"0 0 24 24\" width=\"24\" height=\"24\"><path fill-rule=\"evenodd\" d=\"m12 24c-6.6 0-12-5.4-12-12 0-6.6 5.4-12 12-12 6.6 0 12 5.4 12 12 0 6.6-5.4 12-12 12zm10.6-12c0-5.9-4.7-10.6-10.6-10.6-5.9 0-10.6 4.7-10.6 10.6 0 5.9 4.7 10.6 10.6 10.6 5.9 0 10.6-4.7 10.6-10.6z\"><\/path><path d=\"m5.6 11.3h12.8v1.4h-12.8z\"><\/path><\/svg><\/div><\/div><\/div><div class=\"esab__body\">\n<ol class=\"wp-block-list\">\n<li>Die Mitglieder sind berechtigt an allen Veranstaltungen des Vereines teilzunehmen und die Einrichtungen des Vereines zu beanspruchen. Das Stimmrecht in der Generalversammlung sowie das aktive und passive Wahlrecht steht allen Mitgliedern zu.<\/li>\n\n\n\n<li>Die Mitglieder sind verpflichtet, die Interessen des Vereines nach Kr\u00e4ften zu f\u00f6rdern und alles zu unterlassen, wodurch das Ansehen und der Zweck des Vereines Abbruch erleiden k\u00f6nnte. Sie haben die Vereinsstatuten und Beschl\u00fcsse der Vereinsorgane zu beachten. Sie sind zur p\u00fcnktlichen Zahlung der anfallenden Geb\u00fchren und der Mitgliedsbeitr\u00e4ge in der von der Generalversammlung beschlossenen H\u00f6he verpflichtet.<\/li>\n\n\n\n<li>Die Gartenordnung in der g\u00fcltigen Fassung ist einzuhalten.<\/li>\n<\/ol>\n<\/div><\/div>\n\n\n\n<div class=\"wp-block-esab-accordion-child\"><div class=\"esab__head\" role=\"button\" aria-expanded=\"false\"><div class=\"esab__heading_txt\"><p class=\"esab__heading_tag\"><strong>\u00a7 7.1. Tierhaltung<\/strong><\/p><\/div><div class=\"esab__icon\"><div class=\"esab__collapse\"><svg version=\"1.2\" viewBox=\"0 0 24 24\" width=\"24\" height=\"24\"><path fill-rule=\"evenodd\" d=\"m3.5 20.5c-4.7-4.7-4.7-12.3 0-17 4.7-4.7 12.3-4.7 17 0 4.6 4.7 4.6 12.3 0 17-4.7 4.6-12.3 4.6-17 0zm0.9-0.9c4.2 4.2 11 4.2 15.2 0 4.2-4.2 4.2-11 0-15.2-4.2-4.3-11-4.3-15.2 0-4.3 4.2-4.3 11 0 15.2z\"><\/path><path d=\"m11.4 15.9v-3.3h-3.3c-0.3 0-0.6-0.3-0.6-0.6 0-0.4 0.3-0.6 0.6-0.6h3.3v-3.3c0-0.3 0.3-0.6 0.6-0.6 0.3 0 0.6 0.3 0.6 0.6v3.3h3.3c0.3 0 0.6 0.2 0.6 0.6q0 0.2-0.2 0.4-0.2 0.2-0.4 0.2h-3.3v3.3q0 0.2-0.2 0.4-0.2 0.2-0.4 0.2c-0.4 0-0.6-0.3-0.6-0.6z\"><\/path><\/svg><\/div><div class=\"esab__expand\"><svg version=\"1.2\" viewBox=\"0 0 24 24\" width=\"24\" height=\"24\"><path fill-rule=\"evenodd\" d=\"m12 24c-6.6 0-12-5.4-12-12 0-6.6 5.4-12 12-12 6.6 0 12 5.4 12 12 0 6.6-5.4 12-12 12zm10.6-12c0-5.9-4.7-10.6-10.6-10.6-5.9 0-10.6 4.7-10.6 10.6 0 5.9 4.7 10.6 10.6 10.6 5.9 0 10.6-4.7 10.6-10.6z\"><\/path><path d=\"m5.6 11.3h12.8v1.4h-12.8z\"><\/path><\/svg><\/div><\/div><\/div><div class=\"esab__body\">\n<ol class=\"wp-block-list\">\n<li>Die Tierhaltung in der Kleingartenanlage ist nur in jenem Umfang gestattet, als dadurch die bestimmungsgem\u00e4\u00dfe Verwendung des Kleingartens nicht beeintr\u00e4chtigt wird und eine das orts\u00fcbliche Ausma\u00df \u00fcbersteigende Bel\u00e4stigung der Nachbarschaft durch L\u00e4rm, \u00fcblen Geruch oder sonstige Einwirkungen nicht \u00fcberschritten wird.<\/li>\n\n\n\n<li>Im Rahmen einer Generalversammlung k\u00f6nnen die Vereinsmitglieder nach entsprechendem Antrag und Erhebung zum Tagesordnungspunkt mit einfacher Mehrheit beschlie\u00dfen, ob grunds\u00e4tzlich im Rahmen des Kleingartenvereins Tiere gehalten werden d\u00fcrfen, um welche Tierarten und in welcher Anzahl es sich dabei handeln darf. Ein solcher Beschluss darf \u00fcber alle Tierarten gefasst werden, die dem Bereich der Kleintierzucht zuzuordnen sind, sowie f\u00fcr Papageien, Sing- und andere exotische V\u00f6gel, die in Volieren oder K\u00e4figen gehalten werden.<\/li>\n\n\n\n<li>Ausnahmslos verboten ist jedoch das F\u00fcttern streunender Katzen in der Kleingartenanlage, da diese eine Gefahr f\u00fcr V\u00f6gel und andere Nutztiere darstellen. Das Halten von max. 2 Katzen, ausschlie\u00dflich am Pachtgrund, ist unter Beaufsichtigung des P\u00e4chters erlaubt, bedarf jedoch der Zustimmung durch den Vorstand.<\/li>\n\n\n\n<li>Hunde m\u00fcssen so gehalten werden, dass jede Bel\u00e4stigung und Gef\u00e4hrdung der Nachbarn vermieden wird und sie auf Allgemeinfl\u00e4chen keine unvermutete Gefahr darstellen. Hunde d\u00fcrfen in der Kleingartenanlage nicht frei herumlaufen, haben stets einen Maulkorb zu tragen und sind ausnahmslos an der Leine zu f\u00fchren. Die Anzahl wird auf 2 je Pachtgrund limitiert. Anfallender Kot ist vom Tierhalter zu entfernen. All dies gilt auch f\u00fcr Hunde von Besuchern und G\u00e4sten.<\/li>\n\n\n\n<li>Als Nutztiere gelten H\u00fchner, G\u00e4nse, Bienen und Kaninchen, wobei im Kleingarten grunds\u00e4tzlich nur H\u00fchner, Bienen und Kaninchen gehalten werden d\u00fcrfen. Kleintierstallungen sind entsprechend der gesetzlichen Bestimmungen zu errichten.<\/li>\n\n\n\n<li>Kommt es im Einzelfall zu Streitigkeiten im Zusammenhang mit der Tierhaltung, beispielsweise weil sich Nachbarn durch die Tierhaltung bel\u00e4stigt f\u00fchlen, entscheidet die Schlichtungsstelle gem\u00e4\u00df den Bestimmungen in \u00a7 15.<\/li>\n\n\n\n<li>Die Anzahl der Hunde je Mitglied und Garten ist auf einen limitiert. Ausgenommen davon sind alle bestehenden Mitglieder zum Stichtag 29. Februar 2008, welche max. 2 Hunde halten d\u00fcrfen.<\/li>\n<\/ol>\n<\/div><\/div>\n\n\n\n<div class=\"wp-block-esab-accordion-child\"><div class=\"esab__head\" role=\"button\" aria-expanded=\"false\"><div class=\"esab__heading_txt\"><p class=\"esab__heading_tag\"><strong>\u00a7 8.\u00a0 Vereinsorgane<\/strong><\/p><\/div><div class=\"esab__icon\"><div class=\"esab__collapse\"><svg version=\"1.2\" viewBox=\"0 0 24 24\" width=\"24\" height=\"24\"><path fill-rule=\"evenodd\" d=\"m3.5 20.5c-4.7-4.7-4.7-12.3 0-17 4.7-4.7 12.3-4.7 17 0 4.6 4.7 4.6 12.3 0 17-4.7 4.6-12.3 4.6-17 0zm0.9-0.9c4.2 4.2 11 4.2 15.2 0 4.2-4.2 4.2-11 0-15.2-4.2-4.3-11-4.3-15.2 0-4.3 4.2-4.3 11 0 15.2z\"><\/path><path d=\"m11.4 15.9v-3.3h-3.3c-0.3 0-0.6-0.3-0.6-0.6 0-0.4 0.3-0.6 0.6-0.6h3.3v-3.3c0-0.3 0.3-0.6 0.6-0.6 0.3 0 0.6 0.3 0.6 0.6v3.3h3.3c0.3 0 0.6 0.2 0.6 0.6q0 0.2-0.2 0.4-0.2 0.2-0.4 0.2h-3.3v3.3q0 0.2-0.2 0.4-0.2 0.2-0.4 0.2c-0.4 0-0.6-0.3-0.6-0.6z\"><\/path><\/svg><\/div><div class=\"esab__expand\"><svg version=\"1.2\" viewBox=\"0 0 24 24\" width=\"24\" height=\"24\"><path fill-rule=\"evenodd\" d=\"m12 24c-6.6 0-12-5.4-12-12 0-6.6 5.4-12 12-12 6.6 0 12 5.4 12 12 0 6.6-5.4 12-12 12zm10.6-12c0-5.9-4.7-10.6-10.6-10.6-5.9 0-10.6 4.7-10.6 10.6 0 5.9 4.7 10.6 10.6 10.6 5.9 0 10.6-4.7 10.6-10.6z\"><\/path><path d=\"m5.6 11.3h12.8v1.4h-12.8z\"><\/path><\/svg><\/div><\/div><\/div><div class=\"esab__body\">\n<ul class=\"wp-block-list\">\n<li>Organe des Vereines sind die Generalversammlung (\u00a7\u00a7 9 und 10)<\/li>\n\n\n\n<li>der Vorstand (\u00a7\u00a7 11 bis 13)<\/li>\n\n\n\n<li>die Rechnungspr\u00fcfer (\u00a7 14) und das Schiedsgericht (\u00a7 15).<\/li>\n<\/ul>\n<\/div><\/div>\n\n\n\n<div class=\"wp-block-esab-accordion-child\"><div class=\"esab__head\" role=\"button\" aria-expanded=\"false\"><div class=\"esab__heading_txt\"><p class=\"esab__heading_tag\"><strong>\u00a7 9.\u00a0 die Generalversammlung<\/strong><\/p><\/div><div class=\"esab__icon\"><div class=\"esab__collapse\"><svg version=\"1.2\" viewBox=\"0 0 24 24\" width=\"24\" height=\"24\"><path fill-rule=\"evenodd\" d=\"m3.5 20.5c-4.7-4.7-4.7-12.3 0-17 4.7-4.7 12.3-4.7 17 0 4.6 4.7 4.6 12.3 0 17-4.7 4.6-12.3 4.6-17 0zm0.9-0.9c4.2 4.2 11 4.2 15.2 0 4.2-4.2 4.2-11 0-15.2-4.2-4.3-11-4.3-15.2 0-4.3 4.2-4.3 11 0 15.2z\"><\/path><path d=\"m11.4 15.9v-3.3h-3.3c-0.3 0-0.6-0.3-0.6-0.6 0-0.4 0.3-0.6 0.6-0.6h3.3v-3.3c0-0.3 0.3-0.6 0.6-0.6 0.3 0 0.6 0.3 0.6 0.6v3.3h3.3c0.3 0 0.6 0.2 0.6 0.6q0 0.2-0.2 0.4-0.2 0.2-0.4 0.2h-3.3v3.3q0 0.2-0.2 0.4-0.2 0.2-0.4 0.2c-0.4 0-0.6-0.3-0.6-0.6z\"><\/path><\/svg><\/div><div class=\"esab__expand\"><svg version=\"1.2\" viewBox=\"0 0 24 24\" width=\"24\" height=\"24\"><path fill-rule=\"evenodd\" d=\"m12 24c-6.6 0-12-5.4-12-12 0-6.6 5.4-12 12-12 6.6 0 12 5.4 12 12 0 6.6-5.4 12-12 12zm10.6-12c0-5.9-4.7-10.6-10.6-10.6-5.9 0-10.6 4.7-10.6 10.6 0 5.9 4.7 10.6 10.6 10.6 5.9 0 10.6-4.7 10.6-10.6z\"><\/path><path d=\"m5.6 11.3h12.8v1.4h-12.8z\"><\/path><\/svg><\/div><\/div><\/div><div class=\"esab__body\">\n<ol class=\"wp-block-list\">\n<li>Die ordentliche Generalversammlung (Mitglieder) findet alle 3 Jahre statt.<\/li>\n\n\n\n<li>Eine au\u00dferordentliche Generalversammlung hat auf Beschluss des Vorstandes oder der ordentlichen Generalversammlung, auf schriftlichen begr\u00fcndeten Antrag von mindestens 10% der Mitglieder oder auf Verlangen der Rechnungspr\u00fcfer binnen 1 Monat stattzufinden.<\/li>\n\n\n\n<li>Sowohl zu den ordentlichen wie auch zu den au\u00dferordentlichen Generalversammlungen sind alle Mitglieder mindestens sechs Wochen vor dem Termin schriftlich einzuladen. Die Anberaumung der Generalversammlung hat unter Angabe der Tagesordnung zu erfolgen. Die Einberufung erfolgt durch den Vorstand.<\/li>\n\n\n\n<li>Antr\u00e4ge zur Generalversammlung sind mindestens 1 Woche vor dem Termin der Generalversammlung beim Vorstand schriftlich einzureichen.<\/li>\n\n\n\n<li>G\u00fcltige Beschl\u00fcsse, ausgenommen solcher \u00fcber einen Antrag auf Einberufung einer au\u00dferordentlichen Generalversammlung k\u00f6nnen nur zu Tagesordnungspunkten gefasst werden.<\/li>\n\n\n\n<li>Bei der Generalversammlung sind alle ordentlichen Mitglieder und Ehrenmitglieder teilnahme- und stimmberechtigt.<\/li>\n\n\n\n<li>Jedes Mitglied hat eine Stimme, juristische Personen werden durch einen Bevollm\u00e4chtigten vertreten. Die \u00dcbertragung des Stimmrechtes auf ein anderes Mitglied im Wege einer schriftlichen Bevollm\u00e4chtigung ist zul\u00e4ssig. Die Vollmacht ist vor Beginn der GV vorzulegen.<\/li>\n\n\n\n<li>Die Generalversammlung ist bei Anwesenheit der H\u00e4lfte aller stimmberechtigten Mitglieder (bzw. ihrer Vertreter) beschlussf\u00e4hig. Ist die Generalversammlung zur festgesetzten Stunde nicht beschlussf\u00e4hig, so findet die Generalversammlung 30 Minuten sp\u00e4ter mit derselben Tagesordnung statt, die ohne R\u00fccksicht auf die Anzahl der Erschienenen beschlussf\u00e4hig ist.<\/li>\n\n\n\n<li>Die Wahlen und die Beschlussfassungen in der Generalversammlung erfolgen in der Regel mit einfacher Stimmenmehrheit. Beschl\u00fcsse mit denen das Statut des Vereines ge\u00e4ndert oder der Verein aufgel\u00f6st werden soll, bed\u00fcrfen jedoch einer qualifizierten Mehrheit von zwei Dritteln der abgegebenen g\u00fcltigen Stimmen. Bei Stimmgleichheit gibt die Stimme des Vorsitzenden den Ausschlag. <\/li>\n\n\n\n<li>Den Vorsitz in der Generalversammlung f\u00fchrt der Obmann, in dessen Verhinderung sein Stellvertreter. Wenn auch dieser verhindert ist, f\u00fchrt das an Jahren \u00e4lteste anwesende Vorstandsmitglied den Vorsitz.<\/li>\n<\/ol>\n<\/div><\/div>\n\n\n\n<div class=\"wp-block-esab-accordion-child\"><div class=\"esab__head\" role=\"button\" aria-expanded=\"false\"><div class=\"esab__heading_txt\"><p class=\"esab__heading_tag\"><strong>\u00a7 10.\u00a0 Aufgabenkreis der Generalversammlung<\/strong><\/p><\/div><div class=\"esab__icon\"><div class=\"esab__collapse\"><svg version=\"1.2\" viewBox=\"0 0 24 24\" width=\"24\" height=\"24\"><path fill-rule=\"evenodd\" d=\"m3.5 20.5c-4.7-4.7-4.7-12.3 0-17 4.7-4.7 12.3-4.7 17 0 4.6 4.7 4.6 12.3 0 17-4.7 4.6-12.3 4.6-17 0zm0.9-0.9c4.2 4.2 11 4.2 15.2 0 4.2-4.2 4.2-11 0-15.2-4.2-4.3-11-4.3-15.2 0-4.3 4.2-4.3 11 0 15.2z\"><\/path><path d=\"m11.4 15.9v-3.3h-3.3c-0.3 0-0.6-0.3-0.6-0.6 0-0.4 0.3-0.6 0.6-0.6h3.3v-3.3c0-0.3 0.3-0.6 0.6-0.6 0.3 0 0.6 0.3 0.6 0.6v3.3h3.3c0.3 0 0.6 0.2 0.6 0.6q0 0.2-0.2 0.4-0.2 0.2-0.4 0.2h-3.3v3.3q0 0.2-0.2 0.4-0.2 0.2-0.4 0.2c-0.4 0-0.6-0.3-0.6-0.6z\"><\/path><\/svg><\/div><div class=\"esab__expand\"><svg version=\"1.2\" viewBox=\"0 0 24 24\" width=\"24\" height=\"24\"><path fill-rule=\"evenodd\" d=\"m12 24c-6.6 0-12-5.4-12-12 0-6.6 5.4-12 12-12 6.6 0 12 5.4 12 12 0 6.6-5.4 12-12 12zm10.6-12c0-5.9-4.7-10.6-10.6-10.6-5.9 0-10.6 4.7-10.6 10.6 0 5.9 4.7 10.6 10.6 10.6 5.9 0 10.6-4.7 10.6-10.6z\"><\/path><path d=\"m5.6 11.3h12.8v1.4h-12.8z\"><\/path><\/svg><\/div><\/div><\/div><div class=\"esab__body\">\n<p>Der Generalversammlung sind folgende Aufgaben vorbehalten:<\/p>\n\n\n\n<ol class=\"wp-block-list\">\n<li>Entgegennahme und Genehmigung des Rechenschaftsberichtes, und des Rechnungsabschlusses<\/li>\n\n\n\n<li>Beschlussfassung \u00fcber den Voranschlag<\/li>\n\n\n\n<li>Bestellung und Enthebung der Mitglieder des Vorstandes und der Rechnungspr\u00fcfer<\/li>\n\n\n\n<li>Festsetzung der H\u00f6he der Beitrittsgeb\u00fchr und der Mitgliedsbeitr\u00e4ge<\/li>\n\n\n\n<li>Entscheidung \u00fcber Berufung gegen Ausschl\u00fcsse von der Mitgliedschaft<\/li>\n\n\n\n<li>Verleihung und Aberkennung der Ehrenmitgliedschaft<\/li>\n\n\n\n<li>Beschlussfassung \u00fcber Statuten\u00e4nderungen und die freiwillige Aufl\u00f6sung des Vereines<\/li>\n\n\n\n<li>Beratung und Beschlussfassung \u00fcber sonstige auf der Tagesordnung stehende Fragen<\/li>\n<\/ol>\n<\/div><\/div>\n\n\n\n<div class=\"wp-block-esab-accordion-child\"><div class=\"esab__head\" role=\"button\" aria-expanded=\"false\"><div class=\"esab__heading_txt\"><p class=\"esab__heading_tag\"><strong>\u00a7 11.\u00a0 Der Vorstand<\/strong><\/p><\/div><div class=\"esab__icon\"><div class=\"esab__collapse\"><svg version=\"1.2\" viewBox=\"0 0 24 24\" width=\"24\" height=\"24\"><path fill-rule=\"evenodd\" d=\"m3.5 20.5c-4.7-4.7-4.7-12.3 0-17 4.7-4.7 12.3-4.7 17 0 4.6 4.7 4.6 12.3 0 17-4.7 4.6-12.3 4.6-17 0zm0.9-0.9c4.2 4.2 11 4.2 15.2 0 4.2-4.2 4.2-11 0-15.2-4.2-4.3-11-4.3-15.2 0-4.3 4.2-4.3 11 0 15.2z\"><\/path><path d=\"m11.4 15.9v-3.3h-3.3c-0.3 0-0.6-0.3-0.6-0.6 0-0.4 0.3-0.6 0.6-0.6h3.3v-3.3c0-0.3 0.3-0.6 0.6-0.6 0.3 0 0.6 0.3 0.6 0.6v3.3h3.3c0.3 0 0.6 0.2 0.6 0.6q0 0.2-0.2 0.4-0.2 0.2-0.4 0.2h-3.3v3.3q0 0.2-0.2 0.4-0.2 0.2-0.4 0.2c-0.4 0-0.6-0.3-0.6-0.6z\"><\/path><\/svg><\/div><div class=\"esab__expand\"><svg version=\"1.2\" viewBox=\"0 0 24 24\" width=\"24\" height=\"24\"><path fill-rule=\"evenodd\" d=\"m12 24c-6.6 0-12-5.4-12-12 0-6.6 5.4-12 12-12 6.6 0 12 5.4 12 12 0 6.6-5.4 12-12 12zm10.6-12c0-5.9-4.7-10.6-10.6-10.6-5.9 0-10.6 4.7-10.6 10.6 0 5.9 4.7 10.6 10.6 10.6 5.9 0 10.6-4.7 10.6-10.6z\"><\/path><path d=\"m5.6 11.3h12.8v1.4h-12.8z\"><\/path><\/svg><\/div><\/div><\/div><div class=\"esab__body\">\n<ol class=\"wp-block-list\">\n<li>Der Vorstand besteht aus\n<ul class=\"wp-block-list\">\n<li>dem Obmann<\/li>\n\n\n\n<li>dem Schriftf\u00fchrer<\/li>\n\n\n\n<li>dem Kassier<\/li>\n\n\n\n<li>deren Stellvertretern<\/li>\n\n\n\n<li>sowie h\u00f6chstens 4 Beisitzern<\/li>\n<\/ul>\n<\/li>\n\n\n\n<li>Die Funktionsdauer des Vorstandes betr\u00e4gt drei Jahre. Auf jeden Fall w\u00e4hrt sie bis zur Wahl eines neuen Vorstandes. Ausgeschiedene Vorstandsmitglieder sind wieder w\u00e4hlbar<\/li>\n\n\n\n<li>Der Vorstand hat das Recht, bei Ausscheiden eines gew\u00e4hlten Vorstandsmitgliedes an seine Stelle ein anderes w\u00e4hlbares Mitglied zu kooptieren, wozu die nachtr\u00e4gliche Genehmigung in der n\u00e4chstfolgenden Generalversammlung einzuholen ist.<\/li>\n\n\n\n<li>Der Vorstand wird vom Obmann, in dessen Verhinderung von seinem Stellvertreter schriftlich oder m\u00fcndlich einberufen.<\/li>\n\n\n\n<li>Der Vorstand ist beschlussf\u00e4hig, wenn alle seine Mitglieder eingeladen wurden und mindestens die H\u00e4lfte von ihnen anwesend ist.<\/li>\n\n\n\n<li>Der Vorstand fasst seine Beschl\u00fcsse mit einfacher Stimmenmehrheit, bei Stimmengleichheit entscheidet die Stimme des Vorsitzenden.<\/li>\n\n\n\n<li>Den Vorsitz f\u00fchrt der Obmann, bei Verhinderung sein Stellvertreter. Ist auch dieser verhindert, obliegt der Vorsitz dem an Jahren \u00e4ltesten anwesenden Vorstandsmitglied.<\/li>\n\n\n\n<li>Au\u00dfer durch Tod und Ablauf der Funktionsperiode erlischt die Funktion eines Vorstandsmitgliedes durch Enthebung oder R\u00fccktritt.<\/li>\n\n\n\n<li>Die Generalversammlung kann jederzeit den gesamten Vorstand oder einzelne Mitglieder des Vorstandes von seiner Funktion entheben. Die Enthebung wird mit Bestellung des neuen Vorstandes bzw. eines Vorstandsmitgliedes wirksam.<\/li>\n\n\n\n<li>Die Vorstandsmitglieder k\u00f6nnen jederzeit schriftlich ihren R\u00fccktritt erkl\u00e4ren. Die\u00a0\u00a0 R\u00fccktrittserkl\u00e4rung ist an den Vorstand, im Falle des R\u00fccktrittes des gesamten Vorstandes an die Generalversammlung zu richten. Der R\u00fccktritt wird erst mit Wahl bzw. Kooptierung eines Nachfolgers wirksam.<\/li>\n\n\n\n<li>Der Vorstand muss einmal pro Jahr seiner Informationspflicht nachkommen. Wenn 10% der Vereinsmitglieder eine Information mit Begr\u00fcndung verlangen, so muss der Vorstand \u00fcber die Finanzgebarung und die Aktivit\u00e4ten des Vereins innerhalb von 4 Wochen Auskunft geben.<\/li>\n<\/ol>\n<\/div><\/div>\n\n\n\n<div class=\"wp-block-esab-accordion-child\"><div class=\"esab__head\" role=\"button\" aria-expanded=\"false\"><div class=\"esab__heading_txt\"><p class=\"esab__heading_tag\"><strong>\u00a7 12.\u00a0 Aufgabenkreis des Vorstandes<\/strong><\/p><\/div><div class=\"esab__icon\"><div class=\"esab__collapse\"><svg version=\"1.2\" viewBox=\"0 0 24 24\" width=\"24\" height=\"24\"><path fill-rule=\"evenodd\" d=\"m3.5 20.5c-4.7-4.7-4.7-12.3 0-17 4.7-4.7 12.3-4.7 17 0 4.6 4.7 4.6 12.3 0 17-4.7 4.6-12.3 4.6-17 0zm0.9-0.9c4.2 4.2 11 4.2 15.2 0 4.2-4.2 4.2-11 0-15.2-4.2-4.3-11-4.3-15.2 0-4.3 4.2-4.3 11 0 15.2z\"><\/path><path d=\"m11.4 15.9v-3.3h-3.3c-0.3 0-0.6-0.3-0.6-0.6 0-0.4 0.3-0.6 0.6-0.6h3.3v-3.3c0-0.3 0.3-0.6 0.6-0.6 0.3 0 0.6 0.3 0.6 0.6v3.3h3.3c0.3 0 0.6 0.2 0.6 0.6q0 0.2-0.2 0.4-0.2 0.2-0.4 0.2h-3.3v3.3q0 0.2-0.2 0.4-0.2 0.2-0.4 0.2c-0.4 0-0.6-0.3-0.6-0.6z\"><\/path><\/svg><\/div><div class=\"esab__expand\"><svg version=\"1.2\" viewBox=\"0 0 24 24\" width=\"24\" height=\"24\"><path fill-rule=\"evenodd\" d=\"m12 24c-6.6 0-12-5.4-12-12 0-6.6 5.4-12 12-12 6.6 0 12 5.4 12 12 0 6.6-5.4 12-12 12zm10.6-12c0-5.9-4.7-10.6-10.6-10.6-5.9 0-10.6 4.7-10.6 10.6 0 5.9 4.7 10.6 10.6 10.6 5.9 0 10.6-4.7 10.6-10.6z\"><\/path><path d=\"m5.6 11.3h12.8v1.4h-12.8z\"><\/path><\/svg><\/div><\/div><\/div><div class=\"esab__body\">\n<p>Dem Vorstand obliegt die Leitung des Vereines. Ihm kommen alle Aufgaben zu, die nicht durch die Statuten einem anderen Vereinsorgan zugewiesen sind. In seinen Wirkungsbereich fallen insbesondere folgende Angelegenheiten:<\/p>\n\n\n\n<ol class=\"wp-block-list\">\n<li>Erstellung des Jahresvoranschlages, sowie Abfassung des Rechenschaftsberichtes und des Rechnungsabschlusses.<\/li>\n\n\n\n<li>Vorbereitung der Generalversammlung.<\/li>\n\n\n\n<li>Einberufung der ordentlichen und au\u00dferordentlichen Generalversammlungen.<\/li>\n\n\n\n<li>Information der Mitglieder \u00fcber T\u00e4tigkeit und finanzielle Gebarung des Vereins in den Generalversammlungen.<\/li>\n\n\n\n<li>Verwaltung des Vereinsverm\u00f6gens.<\/li>\n\n\n\n<li>Aufnahme, Ausschluss und Streichung von Vereinsmitgliedern.<\/li>\n<\/ol>\n<\/div><\/div>\n\n\n\n<div class=\"wp-block-esab-accordion-child\"><div class=\"esab__head\" role=\"button\" aria-expanded=\"false\"><div class=\"esab__heading_txt\"><p class=\"esab__heading_tag\"><strong>\u00a7 13.\u00a0 Besondere Obliegenheiten einzelner Vorstandsmitglieder<\/strong><\/p><\/div><div class=\"esab__icon\"><div class=\"esab__collapse\"><svg version=\"1.2\" viewBox=\"0 0 24 24\" width=\"24\" height=\"24\"><path fill-rule=\"evenodd\" d=\"m3.5 20.5c-4.7-4.7-4.7-12.3 0-17 4.7-4.7 12.3-4.7 17 0 4.6 4.7 4.6 12.3 0 17-4.7 4.6-12.3 4.6-17 0zm0.9-0.9c4.2 4.2 11 4.2 15.2 0 4.2-4.2 4.2-11 0-15.2-4.2-4.3-11-4.3-15.2 0-4.3 4.2-4.3 11 0 15.2z\"><\/path><path d=\"m11.4 15.9v-3.3h-3.3c-0.3 0-0.6-0.3-0.6-0.6 0-0.4 0.3-0.6 0.6-0.6h3.3v-3.3c0-0.3 0.3-0.6 0.6-0.6 0.3 0 0.6 0.3 0.6 0.6v3.3h3.3c0.3 0 0.6 0.2 0.6 0.6q0 0.2-0.2 0.4-0.2 0.2-0.4 0.2h-3.3v3.3q0 0.2-0.2 0.4-0.2 0.2-0.4 0.2c-0.4 0-0.6-0.3-0.6-0.6z\"><\/path><\/svg><\/div><div class=\"esab__expand\"><svg version=\"1.2\" viewBox=\"0 0 24 24\" width=\"24\" height=\"24\"><path fill-rule=\"evenodd\" d=\"m12 24c-6.6 0-12-5.4-12-12 0-6.6 5.4-12 12-12 6.6 0 12 5.4 12 12 0 6.6-5.4 12-12 12zm10.6-12c0-5.9-4.7-10.6-10.6-10.6-5.9 0-10.6 4.7-10.6 10.6 0 5.9 4.7 10.6 10.6 10.6 5.9 0 10.6-4.7 10.6-10.6z\"><\/path><path d=\"m5.6 11.3h12.8v1.4h-12.8z\"><\/path><\/svg><\/div><\/div><\/div><div class=\"esab__body\">\n<ol class=\"wp-block-list\">\n<li>Dem Obmann obliegt die Vertretung des Vereines, insbesondere nach au\u00dfen, gegen\u00fcber Beh\u00f6rden und dritten Personen. Er f\u00fchrt die laufenden Gesch\u00e4fte des Vereins. Er f\u00fchrt den Vorsitz in der Generalversammlung und den Vorstandssitzungen.<\/li>\n\n\n\n<li>Bei Gefahr im Verzug, ist er berechtigt, auch die Angelegenheiten, die in den Wirkungsbereich der Generalversammlung oder des Vorstandes fallen, unter eigener Verantwortung selbst\u00e4ndig Anordnungen zu treffen; diese bed\u00fcrfen jedoch der nachtr\u00e4glichen Genehmigung durch das zust\u00e4ndige Vereinsorgan.<\/li>\n\n\n\n<li>Der Schriftf\u00fchrer hat den Obmann bei der F\u00fchrung der Vereinsgesch\u00e4fte zu unterst\u00fctzen. Ihm obliegt die F\u00fchrung der Protokolle der Generalversammlung und des Vorstandes.<\/li>\n\n\n\n<li>Der Kassier ist f\u00fcr die ordnungsgem\u00e4\u00dfe Geldgebarung des Vereines verantwortlich. Er hat daf\u00fcr zu sorgen, dass ein den Anforderungen des Vereins entsprechendes Rechnungswesen erstellt wird.<\/li>\n\n\n\n<li>Den Verein verpflichtende Urkunden bzw. Schriftst\u00fccke sind vom Obmann und vom Schriftf\u00fchrer, sofern sie jedoch Geldangelegenheiten betreffen, vom Obmann und vom Kassier gemeinsam zu unterfertigen.<\/li>\n\n\n\n<li>Im Falle der Verhinderung werden der Obmann, der Schriftf\u00fchrer und der Kassier durch ihre Stellvertreter vertreten.<\/li>\n<\/ol>\n<\/div><\/div>\n\n\n\n<div class=\"wp-block-esab-accordion-child\"><div class=\"esab__head\" role=\"button\" aria-expanded=\"false\"><div class=\"esab__heading_txt\"><p class=\"esab__heading_tag\"><strong>\u00a7 14.\u00a0 Die Rechnungspr\u00fcfer<\/strong><\/p><\/div><div class=\"esab__icon\"><div class=\"esab__collapse\"><svg version=\"1.2\" viewBox=\"0 0 24 24\" width=\"24\" height=\"24\"><path fill-rule=\"evenodd\" d=\"m3.5 20.5c-4.7-4.7-4.7-12.3 0-17 4.7-4.7 12.3-4.7 17 0 4.6 4.7 4.6 12.3 0 17-4.7 4.6-12.3 4.6-17 0zm0.9-0.9c4.2 4.2 11 4.2 15.2 0 4.2-4.2 4.2-11 0-15.2-4.2-4.3-11-4.3-15.2 0-4.3 4.2-4.3 11 0 15.2z\"><\/path><path d=\"m11.4 15.9v-3.3h-3.3c-0.3 0-0.6-0.3-0.6-0.6 0-0.4 0.3-0.6 0.6-0.6h3.3v-3.3c0-0.3 0.3-0.6 0.6-0.6 0.3 0 0.6 0.3 0.6 0.6v3.3h3.3c0.3 0 0.6 0.2 0.6 0.6q0 0.2-0.2 0.4-0.2 0.2-0.4 0.2h-3.3v3.3q0 0.2-0.2 0.4-0.2 0.2-0.4 0.2c-0.4 0-0.6-0.3-0.6-0.6z\"><\/path><\/svg><\/div><div class=\"esab__expand\"><svg version=\"1.2\" viewBox=\"0 0 24 24\" width=\"24\" height=\"24\"><path fill-rule=\"evenodd\" d=\"m12 24c-6.6 0-12-5.4-12-12 0-6.6 5.4-12 12-12 6.6 0 12 5.4 12 12 0 6.6-5.4 12-12 12zm10.6-12c0-5.9-4.7-10.6-10.6-10.6-5.9 0-10.6 4.7-10.6 10.6 0 5.9 4.7 10.6 10.6 10.6 5.9 0 10.6-4.7 10.6-10.6z\"><\/path><path d=\"m5.6 11.3h12.8v1.4h-12.8z\"><\/path><\/svg><\/div><\/div><\/div><div class=\"esab__body\">\n<ol class=\"wp-block-list\">\n<li>Die zwei Rechnungspr\u00fcfer werden von der Generalversammlung f\u00fcr die Funktionsdauer des Vorstandes (3 Jahre) gew\u00e4hlt. Eine Wiederwahl ist m\u00f6glich.<\/li>\n\n\n\n<li>Den Rechnungspr\u00fcfern obliegt die laufende Gesch\u00e4ftskontrolle und die \u00dcberpr\u00fcfung des Rechnungsabschlusses. Sie haben der Generalversammlung \u00fcber das Ergebnis der \u00dcberpr\u00fcfung zu berichten.<\/li>\n\n\n\n<li>Im \u00dcbrigen gelten f\u00fcr die Rechnungspr\u00fcfer die Bestimmungen des \u00a7 11.2, 11.8, 11.9 und 11.10 sinngem\u00e4\u00df.<\/li>\n<\/ol>\n<\/div><\/div>\n\n\n\n<div class=\"wp-block-esab-accordion-child\"><div class=\"esab__head\" role=\"button\" aria-expanded=\"false\"><div class=\"esab__heading_txt\"><p class=\"esab__heading_tag\"><strong>\u00a7 15.\u00a0 Das Schiedsgericht, Schlichtungsstelle<\/strong><\/p><\/div><div class=\"esab__icon\"><div class=\"esab__collapse\"><svg version=\"1.2\" viewBox=\"0 0 24 24\" width=\"24\" height=\"24\"><path fill-rule=\"evenodd\" d=\"m3.5 20.5c-4.7-4.7-4.7-12.3 0-17 4.7-4.7 12.3-4.7 17 0 4.6 4.7 4.6 12.3 0 17-4.7 4.6-12.3 4.6-17 0zm0.9-0.9c4.2 4.2 11 4.2 15.2 0 4.2-4.2 4.2-11 0-15.2-4.2-4.3-11-4.3-15.2 0-4.3 4.2-4.3 11 0 15.2z\"><\/path><path d=\"m11.4 15.9v-3.3h-3.3c-0.3 0-0.6-0.3-0.6-0.6 0-0.4 0.3-0.6 0.6-0.6h3.3v-3.3c0-0.3 0.3-0.6 0.6-0.6 0.3 0 0.6 0.3 0.6 0.6v3.3h3.3c0.3 0 0.6 0.2 0.6 0.6q0 0.2-0.2 0.4-0.2 0.2-0.4 0.2h-3.3v3.3q0 0.2-0.2 0.4-0.2 0.2-0.4 0.2c-0.4 0-0.6-0.3-0.6-0.6z\"><\/path><\/svg><\/div><div class=\"esab__expand\"><svg version=\"1.2\" viewBox=\"0 0 24 24\" width=\"24\" height=\"24\"><path fill-rule=\"evenodd\" d=\"m12 24c-6.6 0-12-5.4-12-12 0-6.6 5.4-12 12-12 6.6 0 12 5.4 12 12 0 6.6-5.4 12-12 12zm10.6-12c0-5.9-4.7-10.6-10.6-10.6-5.9 0-10.6 4.7-10.6 10.6 0 5.9 4.7 10.6 10.6 10.6 5.9 0 10.6-4.7 10.6-10.6z\"><\/path><path d=\"m5.6 11.3h12.8v1.4h-12.8z\"><\/path><\/svg><\/div><\/div><\/div><div class=\"esab__body\">\n<ol class=\"wp-block-list\">\n<li>F\u00fcr alle aus dem Vereinsverh\u00e4ltnis entstehenden Streitigkeiten ist das vereinsinterne Schiedsgericht im Sinne des Vereinsgesetzes 2002 zust\u00e4ndig.<\/li>\n\n\n\n<li>Das Schiedsgericht setzt sich aus f\u00fcnf ordentlichen Vereinsmitgliedern zusammen. Es wird derart gebildet, dass jeder Streitteil innerhalb von zwei Wochen dem Vorstand zwei ordentliche Mitglieder als Schiedsrichter namhaft macht. Die so nominierten Schiedsrichter w\u00e4hlen binnen 3 Tagen mit Stimmenmehrheit einen Vorsitzenden des Schiedsgerichtes. Bei Stimmengleichheit entscheidet unter den Vorgeschlagenen das Los. Die Mitglieder des Schiedsgerichtes d\u00fcrfen keinem Organ \u2013 mit Ausnahme der Generalversammlung \u2013 angeh\u00f6ren, dessen T\u00e4tigkeit Gegenstand der Streitigkeit ist.<\/li>\n\n\n\n<li>Das Schiedsgericht f\u00e4llt seine Entscheidung nach Gew\u00e4hr beiderseitigen Geh\u00f6rs bei Anwesenheit aller seiner Mitglieder mit einfacher Stimmenmehrheit. Es entscheidet nach bestem Wissen und Gewissen. Seine Entscheidungen sind vereinsintern endg\u00fcltig.<\/li>\n\n\n\n<li>Sofern das Verfahren vor dem vereinsinternen Schiedsgericht nicht fr\u00fcher beendet ist, steht f\u00fcr Rechtsstreitigkeiten nach Ablauf von 6 Monaten ab Anrufung der Schlichtungseinrichtung der ordentliche Rechtsweg offen. F\u00fcr die Dauer des Schlichtungsverfahrens ist die Verj\u00e4hrung von Rechtsanspr\u00fcchen gehemmt.<\/li>\n\n\n\n<li>\u00dcber Vereinsstreitigkeiten, die keine Rechtsstreitigkeiten sind, entscheidet die Schlichtungsstelle endg\u00fcltig.<\/li>\n<\/ol>\n<\/div><\/div>\n\n\n\n<div class=\"wp-block-esab-accordion-child\"><div class=\"esab__head\" role=\"button\" aria-expanded=\"false\"><div class=\"esab__heading_txt\"><p class=\"esab__heading_tag\"><strong>\u00a7 16.\u00a0 Aufl\u00f6sung des Vereines<\/strong><\/p><\/div><div class=\"esab__icon\"><div class=\"esab__collapse\"><svg version=\"1.2\" viewBox=\"0 0 24 24\" width=\"24\" height=\"24\"><path fill-rule=\"evenodd\" d=\"m3.5 20.5c-4.7-4.7-4.7-12.3 0-17 4.7-4.7 12.3-4.7 17 0 4.6 4.7 4.6 12.3 0 17-4.7 4.6-12.3 4.6-17 0zm0.9-0.9c4.2 4.2 11 4.2 15.2 0 4.2-4.2 4.2-11 0-15.2-4.2-4.3-11-4.3-15.2 0-4.3 4.2-4.3 11 0 15.2z\"><\/path><path d=\"m11.4 15.9v-3.3h-3.3c-0.3 0-0.6-0.3-0.6-0.6 0-0.4 0.3-0.6 0.6-0.6h3.3v-3.3c0-0.3 0.3-0.6 0.6-0.6 0.3 0 0.6 0.3 0.6 0.6v3.3h3.3c0.3 0 0.6 0.2 0.6 0.6q0 0.2-0.2 0.4-0.2 0.2-0.4 0.2h-3.3v3.3q0 0.2-0.2 0.4-0.2 0.2-0.4 0.2c-0.4 0-0.6-0.3-0.6-0.6z\"><\/path><\/svg><\/div><div class=\"esab__expand\"><svg version=\"1.2\" viewBox=\"0 0 24 24\" width=\"24\" height=\"24\"><path fill-rule=\"evenodd\" d=\"m12 24c-6.6 0-12-5.4-12-12 0-6.6 5.4-12 12-12 6.6 0 12 5.4 12 12 0 6.6-5.4 12-12 12zm10.6-12c0-5.9-4.7-10.6-10.6-10.6-5.9 0-10.6 4.7-10.6 10.6 0 5.9 4.7 10.6 10.6 10.6 5.9 0 10.6-4.7 10.6-10.6z\"><\/path><path d=\"m5.6 11.3h12.8v1.4h-12.8z\"><\/path><\/svg><\/div><\/div><\/div><div class=\"esab__body\">\n<ol class=\"wp-block-list\">\n<li>Die freiwillige Aufl\u00f6sung des Vereines kann nur in einer zu diesem Zweck einberufenen au\u00dferordentlichen Generalversammlung und nur mit Zweidrittelmehrheit der abgegebenen g\u00fcltigen Stimmen beschlossen werden.<\/li>\n\n\n\n<li>Der letzte Vereinsvorstand hat die freiwillige Aufl\u00f6sung der Vereinsbeh\u00f6rde, unter Bekanntgabe des Datums der Aufl\u00f6sung und einer allf\u00e4lligen Verm\u00f6gensabwicklung, schriftlich anzuzeigen und ist verpflichtet, iSd \u00a7 28 (2) Vereinsgesetz 2002, die freiwillige Aufl\u00f6sung in einem amtlichen Blatte zu verlautbaren.<\/li>\n\n\n\n<li>Diese Generalversammlung hat auch \u2013 sofern Vereinsverm\u00f6gen vorhanden ist \u2013 \u00fcber die Abwicklung zu beschlie\u00dfen. Insbesondere hat sie einen Abwickler zu berufen und Beschluss dar\u00fcber zu fassen, wem dieser das nach Abdeckung der Passiven verbleibende Vereinsverm\u00f6gen zu \u00fcbertragen hat. Dieses Verm\u00f6gen soll, soweit dies m\u00f6glich und erlaubt ist, einer Organisation zufallen, die gleiche oder \u00e4hnliche Zwecke wie dieser Verein verfolgt, sonst Zwecken der Sozialhilfe.<\/li>\n<\/ol>\n<\/div><\/div>\n<\/div><\/div>\n","protected":false},"excerpt":{"rendered":"<p>Statuten 2025<\/p>\n","protected":false},"author":1,"featured_media":0,"parent":0,"menu_order":0,"comment_status":"closed","ping_status":"closed","template":"","meta":{"_uag_custom_page_level_css":"","_kad_post_transparent":"","_kad_post_title":"","_kad_post_layout":"","_kad_post_sidebar_id":"","_kad_post_content_style":"","_kad_post_vertical_padding":"","_kad_post_feature":"","_kad_post_feature_position":"","_kad_post_header":false,"_kad_post_footer":false,"_kad_post_classname":"","footnotes":""},"class_list":["post-80","page","type-page","status-publish","hentry"],"yoast_head":"<!-- This site is optimized with the Yoast SEO plugin v27.5 - https:\/\/yoast.com\/product\/yoast-seo-wordpress\/ -->\n<title>Vereinssatzung - Kleingartenverein Biedermannsdorf<\/title>\n<meta name=\"robots\" content=\"index, follow, max-snippet:-1, max-image-preview:large, max-video-preview:-1\" \/>\n<link rel=\"canonical\" href=\"https:\/\/kleingarten-bdf.at\/index.php\/vereinssatzung\/\" \/>\n<meta property=\"og:locale\" content=\"de_DE\" \/>\n<meta property=\"og:type\" content=\"article\" \/>\n<meta property=\"og:title\" content=\"Vereinssatzung - Kleingartenverein Biedermannsdorf\" \/>\n<meta property=\"og:description\" content=\"Statuten 2025\" \/>\n<meta property=\"og:url\" content=\"https:\/\/kleingarten-bdf.at\/index.php\/vereinssatzung\/\" \/>\n<meta property=\"og:site_name\" content=\"Kleingartenverein Biedermannsdorf\" \/>\n<meta property=\"article:modified_time\" content=\"2025-02-06T07:40:09+00:00\" \/>\n<meta name=\"twitter:card\" content=\"summary_large_image\" \/>\n<meta name=\"twitter:label1\" content=\"Gesch\u00e4tzte Lesezeit\" \/>\n\t<meta name=\"twitter:data1\" content=\"12\u00a0Minuten\" \/>\n<script type=\"application\/ld+json\" class=\"yoast-schema-graph\">{\"@context\":\"https:\\\/\\\/schema.org\",\"@graph\":[{\"@type\":\"WebPage\",\"@id\":\"https:\\\/\\\/kleingarten-bdf.at\\\/index.php\\\/vereinssatzung\\\/\",\"url\":\"https:\\\/\\\/kleingarten-bdf.at\\\/index.php\\\/vereinssatzung\\\/\",\"name\":\"Vereinssatzung - Kleingartenverein Biedermannsdorf\",\"isPartOf\":{\"@id\":\"https:\\\/\\\/kleingarten-bdf.at\\\/#website\"},\"datePublished\":\"2025-02-01T06:46:32+00:00\",\"dateModified\":\"2025-02-06T07:40:09+00:00\",\"breadcrumb\":{\"@id\":\"https:\\\/\\\/kleingarten-bdf.at\\\/index.php\\\/vereinssatzung\\\/#breadcrumb\"},\"inLanguage\":\"de\",\"potentialAction\":[{\"@type\":\"ReadAction\",\"target\":[\"https:\\\/\\\/kleingarten-bdf.at\\\/index.php\\\/vereinssatzung\\\/\"]}]},{\"@type\":\"BreadcrumbList\",\"@id\":\"https:\\\/\\\/kleingarten-bdf.at\\\/index.php\\\/vereinssatzung\\\/#breadcrumb\",\"itemListElement\":[{\"@type\":\"ListItem\",\"position\":1,\"name\":\"Startseite\",\"item\":\"https:\\\/\\\/kleingarten-bdf.at\\\/\"},{\"@type\":\"ListItem\",\"position\":2,\"name\":\"Vereinssatzung\"}]},{\"@type\":\"WebSite\",\"@id\":\"https:\\\/\\\/kleingarten-bdf.at\\\/#website\",\"url\":\"https:\\\/\\\/kleingarten-bdf.at\\\/\",\"name\":\"Kleingartenverein Biedermannsdorf\",\"description\":\"\",\"publisher\":{\"@id\":\"https:\\\/\\\/kleingarten-bdf.at\\\/#organization\"},\"potentialAction\":[{\"@type\":\"SearchAction\",\"target\":{\"@type\":\"EntryPoint\",\"urlTemplate\":\"https:\\\/\\\/kleingarten-bdf.at\\\/?s={search_term_string}\"},\"query-input\":{\"@type\":\"PropertyValueSpecification\",\"valueRequired\":true,\"valueName\":\"search_term_string\"}}],\"inLanguage\":\"de\"},{\"@type\":\"Organization\",\"@id\":\"https:\\\/\\\/kleingarten-bdf.at\\\/#organization\",\"name\":\"Kleingartenverein Biedermannsdorf\",\"url\":\"https:\\\/\\\/kleingarten-bdf.at\\\/\",\"logo\":{\"@type\":\"ImageObject\",\"inLanguage\":\"de\",\"@id\":\"https:\\\/\\\/kleingarten-bdf.at\\\/#\\\/schema\\\/logo\\\/image\\\/\",\"url\":\"https:\\\/\\\/kleingarten-bdf.at\\\/wp-content\\\/uploads\\\/2025\\\/02\\\/cropped-lilie-2.png\",\"contentUrl\":\"https:\\\/\\\/kleingarten-bdf.at\\\/wp-content\\\/uploads\\\/2025\\\/02\\\/cropped-lilie-2.png\",\"width\":245,\"height\":245,\"caption\":\"Kleingartenverein Biedermannsdorf\"},\"image\":{\"@id\":\"https:\\\/\\\/kleingarten-bdf.at\\\/#\\\/schema\\\/logo\\\/image\\\/\"}}]}<\/script>\n<!-- \/ Yoast SEO plugin. -->","yoast_head_json":{"title":"Vereinssatzung - Kleingartenverein Biedermannsdorf","robots":{"index":"index","follow":"follow","max-snippet":"max-snippet:-1","max-image-preview":"max-image-preview:large","max-video-preview":"max-video-preview:-1"},"canonical":"https:\/\/kleingarten-bdf.at\/index.php\/vereinssatzung\/","og_locale":"de_DE","og_type":"article","og_title":"Vereinssatzung - Kleingartenverein Biedermannsdorf","og_description":"Statuten 2025","og_url":"https:\/\/kleingarten-bdf.at\/index.php\/vereinssatzung\/","og_site_name":"Kleingartenverein Biedermannsdorf","article_modified_time":"2025-02-06T07:40:09+00:00","twitter_card":"summary_large_image","twitter_misc":{"Gesch\u00e4tzte Lesezeit":"12\u00a0Minuten"},"schema":{"@context":"https:\/\/schema.org","@graph":[{"@type":"WebPage","@id":"https:\/\/kleingarten-bdf.at\/index.php\/vereinssatzung\/","url":"https:\/\/kleingarten-bdf.at\/index.php\/vereinssatzung\/","name":"Vereinssatzung - Kleingartenverein Biedermannsdorf","isPartOf":{"@id":"https:\/\/kleingarten-bdf.at\/#website"},"datePublished":"2025-02-01T06:46:32+00:00","dateModified":"2025-02-06T07:40:09+00:00","breadcrumb":{"@id":"https:\/\/kleingarten-bdf.at\/index.php\/vereinssatzung\/#breadcrumb"},"inLanguage":"de","potentialAction":[{"@type":"ReadAction","target":["https:\/\/kleingarten-bdf.at\/index.php\/vereinssatzung\/"]}]},{"@type":"BreadcrumbList","@id":"https:\/\/kleingarten-bdf.at\/index.php\/vereinssatzung\/#breadcrumb","itemListElement":[{"@type":"ListItem","position":1,"name":"Startseite","item":"https:\/\/kleingarten-bdf.at\/"},{"@type":"ListItem","position":2,"name":"Vereinssatzung"}]},{"@type":"WebSite","@id":"https:\/\/kleingarten-bdf.at\/#website","url":"https:\/\/kleingarten-bdf.at\/","name":"Kleingartenverein Biedermannsdorf","description":"","publisher":{"@id":"https:\/\/kleingarten-bdf.at\/#organization"},"potentialAction":[{"@type":"SearchAction","target":{"@type":"EntryPoint","urlTemplate":"https:\/\/kleingarten-bdf.at\/?s={search_term_string}"},"query-input":{"@type":"PropertyValueSpecification","valueRequired":true,"valueName":"search_term_string"}}],"inLanguage":"de"},{"@type":"Organization","@id":"https:\/\/kleingarten-bdf.at\/#organization","name":"Kleingartenverein Biedermannsdorf","url":"https:\/\/kleingarten-bdf.at\/","logo":{"@type":"ImageObject","inLanguage":"de","@id":"https:\/\/kleingarten-bdf.at\/#\/schema\/logo\/image\/","url":"https:\/\/kleingarten-bdf.at\/wp-content\/uploads\/2025\/02\/cropped-lilie-2.png","contentUrl":"https:\/\/kleingarten-bdf.at\/wp-content\/uploads\/2025\/02\/cropped-lilie-2.png","width":245,"height":245,"caption":"Kleingartenverein Biedermannsdorf"},"image":{"@id":"https:\/\/kleingarten-bdf.at\/#\/schema\/logo\/image\/"}}]}},"uagb_featured_image_src":{"full":false,"thumbnail":false,"medium":false,"medium_large":false,"large":false,"1536x1536":false,"2048x2048":false},"uagb_author_info":{"display_name":"admin","author_link":"https:\/\/kleingarten-bdf.at\/index.php\/author\/admin_garten\/"},"uagb_comment_info":0,"uagb_excerpt":"Statuten 2025","_links":{"self":[{"href":"https:\/\/kleingarten-bdf.at\/index.php\/wp-json\/wp\/v2\/pages\/80","targetHints":{"allow":["GET"]}}],"collection":[{"href":"https:\/\/kleingarten-bdf.at\/index.php\/wp-json\/wp\/v2\/pages"}],"about":[{"href":"https:\/\/kleingarten-bdf.at\/index.php\/wp-json\/wp\/v2\/types\/page"}],"author":[{"embeddable":true,"href":"https:\/\/kleingarten-bdf.at\/index.php\/wp-json\/wp\/v2\/users\/1"}],"replies":[{"embeddable":true,"href":"https:\/\/kleingarten-bdf.at\/index.php\/wp-json\/wp\/v2\/comments?post=80"}],"version-history":[{"count":23,"href":"https:\/\/kleingarten-bdf.at\/index.php\/wp-json\/wp\/v2\/pages\/80\/revisions"}],"predecessor-version":[{"id":392,"href":"https:\/\/kleingarten-bdf.at\/index.php\/wp-json\/wp\/v2\/pages\/80\/revisions\/392"}],"wp:attachment":[{"href":"https:\/\/kleingarten-bdf.at\/index.php\/wp-json\/wp\/v2\/media?parent=80"}],"curies":[{"name":"wp","href":"https:\/\/api.w.org\/{rel}","templated":true}]}}